{"version":"1.0","provider_name":"APIE NEWS","provider_url":"https:\/\/appsaf.apieproject.com\/news\/fr\/","author_name":"apieproject","author_url":"https:\/\/appsaf.apieproject.com\/news\/fr\/author\/apieproject\/","title":"Tchad: Retrait Des Forces Fran\u00e7aises - APIE NEWS","type":"rich","width":600,"height":338,"html":"<blockquote class=\"wp-embedded-content\" data-secret=\"ycSh2pHKEq\"><a href=\"https:\/\/appsaf.apieproject.com\/news\/fr\/2025\/01\/13\/tchad-retrait-des-forces-francaises\/\">Tchad: Retrait Des Forces Fran\u00e7aises<\/a><\/blockquote><iframe sandbox=\"allow-scripts\" security=\"restricted\" src=\"https:\/\/appsaf.apieproject.com\/news\/fr\/2025\/01\/13\/tchad-retrait-des-forces-francaises\/embed\/#?secret=ycSh2pHKEq\" width=\"600\" height=\"338\" title=\"\u00ab\u00a0Tchad: Retrait Des Forces Fran\u00e7aises\u00a0\u00bb &#8212; APIE NEWS\" data-secret=\"ycSh2pHKEq\" frameborder=\"0\" marginwidth=\"0\" marginheight=\"0\" scrolling=\"no\" class=\"wp-embedded-content\"><\/iframe><script type=\"text\/javascript\">\n\/* <![CDATA[ *\/\n\/*! This file is auto-generated *\/\n!function(d,l){\"use strict\";l.querySelector&&d.addEventListener&&\"undefined\"!=typeof URL&&(d.wp=d.wp||{},d.wp.receiveEmbedMessage||(d.wp.receiveEmbedMessage=function(e){var t=e.data;if((t||t.secret||t.message||t.value)&&!\/[^a-zA-Z0-9]\/.test(t.secret)){for(var s,r,n,a=l.querySelectorAll('iframe[data-secret=\"'+t.secret+'\"]'),o=l.querySelectorAll('blockquote[data-secret=\"'+t.secret+'\"]'),c=new RegExp(\"^https?:$\",\"i\"),i=0;i<o.length;i++)o[i].style.display=\"none\";for(i=0;i<a.length;i++)s=a[i],e.source===s.contentWindow&&(s.removeAttribute(\"style\"),\"height\"===t.message?(1e3<(r=parseInt(t.value,10))?r=1e3:~~r<200&&(r=200),s.height=r):\"link\"===t.message&&(r=new URL(s.getAttribute(\"src\")),n=new URL(t.value),c.test(n.protocol))&&n.host===r.host&&l.activeElement===s&&(d.top.location.href=t.value))}},d.addEventListener(\"message\",d.wp.receiveEmbedMessage,!1),l.addEventListener(\"DOMContentLoaded\",function(){for(var e,t,s=l.querySelectorAll(\"iframe.wp-embedded-content\"),r=0;r<s.length;r++)(t=(e=s[r]).getAttribute(\"data-secret\"))||(t=Math.random().toString(36).substring(2,12),e.src+=\"#?secret=\"+t,e.setAttribute(\"data-secret\",t)),e.contentWindow.postMessage({message:\"ready\",secret:t},\"*\")},!1)))}(window,document);\n\/* ]]> *\/\n<\/script>\n","thumbnail_url":"https:\/\/appsaf.apieproject.com\/news\/wp-content\/uploads\/sites\/29\/2025\/01\/abeche-1.jpg","thumbnail_width":1012,"thumbnail_height":572,"description":"Au Tchad, apr\u00e8s le d\u00e9collage des avions de chasse de la base d\u2019Adji Kosse\u00ef, \u00e0 Ndjamena, le 10 d\u00e9cembre dernier, puis l\u2019\u00e9vacuation de la base de Faya dans la foul\u00e9e, une nouvelle \u00e9tape dans le retrait des forces fran\u00e7aises au Tchad s\u2019est d\u00e9roul\u00e9e dans la matin\u00e9e de ce samedi 11 janvier. La base militaire d&rsquo;Ab\u00e9ch\u00e9, [&hellip;]"}