{"version":"1.0","provider_name":"APIE NEWS","provider_url":"https:\/\/appsaf.apieproject.com\/news\/fr\/","author_name":"apieproject","author_url":"https:\/\/appsaf.apieproject.com\/news\/fr\/author\/apieproject\/","title":"Miss C\u00f4te d'Ivoire Bannit Les Perruques - APIE NEWS","type":"rich","width":600,"height":338,"html":"<blockquote class=\"wp-embedded-content\" data-secret=\"6uuoWvgKFY\"><a href=\"https:\/\/appsaf.apieproject.com\/news\/fr\/2025\/04\/06\/miss-cote-divoire-bannit-les-perruques\/\">Miss C\u00f4te d&rsquo;Ivoire Bannit Les Perruques<\/a><\/blockquote><iframe sandbox=\"allow-scripts\" security=\"restricted\" src=\"https:\/\/appsaf.apieproject.com\/news\/fr\/2025\/04\/06\/miss-cote-divoire-bannit-les-perruques\/embed\/#?secret=6uuoWvgKFY\" width=\"600\" height=\"338\" title=\"\u00ab\u00a0Miss C\u00f4te d&rsquo;Ivoire Bannit Les Perruques\u00a0\u00bb &#8212; APIE NEWS\" data-secret=\"6uuoWvgKFY\" frameborder=\"0\" marginwidth=\"0\" marginheight=\"0\" scrolling=\"no\" class=\"wp-embedded-content\"><\/iframe><script type=\"text\/javascript\">\n\/* <![CDATA[ *\/\n\/*! This file is auto-generated *\/\n!function(d,l){\"use strict\";l.querySelector&&d.addEventListener&&\"undefined\"!=typeof URL&&(d.wp=d.wp||{},d.wp.receiveEmbedMessage||(d.wp.receiveEmbedMessage=function(e){var t=e.data;if((t||t.secret||t.message||t.value)&&!\/[^a-zA-Z0-9]\/.test(t.secret)){for(var s,r,n,a=l.querySelectorAll('iframe[data-secret=\"'+t.secret+'\"]'),o=l.querySelectorAll('blockquote[data-secret=\"'+t.secret+'\"]'),c=new RegExp(\"^https?:$\",\"i\"),i=0;i<o.length;i++)o[i].style.display=\"none\";for(i=0;i<a.length;i++)s=a[i],e.source===s.contentWindow&&(s.removeAttribute(\"style\"),\"height\"===t.message?(1e3<(r=parseInt(t.value,10))?r=1e3:~~r<200&&(r=200),s.height=r):\"link\"===t.message&&(r=new URL(s.getAttribute(\"src\")),n=new URL(t.value),c.test(n.protocol))&&n.host===r.host&&l.activeElement===s&&(d.top.location.href=t.value))}},d.addEventListener(\"message\",d.wp.receiveEmbedMessage,!1),l.addEventListener(\"DOMContentLoaded\",function(){for(var e,t,s=l.querySelectorAll(\"iframe.wp-embedded-content\"),r=0;r<s.length;r++)(t=(e=s[r]).getAttribute(\"data-secret\"))||(t=Math.random().toString(36).substring(2,12),e.src+=\"#?secret=\"+t,e.setAttribute(\"data-secret\",t)),e.contentWindow.postMessage({message:\"ready\",secret:t},\"*\")},!1)))}(window,document);\n\/* ]]> *\/\n<\/script>\n","thumbnail_url":"https:\/\/appsaf.apieproject.com\/news\/wp-content\/uploads\/sites\/29\/2025\/04\/miss-ivory-coast.jpg","thumbnail_width":577,"thumbnail_height":314,"description":"A quelques jours du d\u00e9but des pr\u00e9s\u00e9lections de Miss C\u00f4te d&rsquo;Ivoire qui se d\u00e9rouleront du 15 f\u00e9vrier au 10 mai, les crit\u00e8res du concours \u00e9voluent pour \u00eatre plus en phase avec l\u2019\u00e9volution des canons de beaut\u00e9. Finies les m\u00e8ches et les perruques : place, d\u00e9sormais, aux cheveux naturels.\u00a0 Alors que les pr\u00e9s\u00e9lections de la 29e [&hellip;]"}