{"version":"1.0","provider_name":"APIE NEWS","provider_url":"https:\/\/appsaf.apieproject.com\/news\/fr\/","author_name":"apieproject","author_url":"https:\/\/appsaf.apieproject.com\/news\/fr\/author\/apieproject\/","title":"Cameroun: 4e Recensement G\u00e9n\u00e9ral de la Population - APIE NEWS","type":"rich","width":600,"height":338,"html":"<blockquote class=\"wp-embedded-content\" data-secret=\"fTnZin8QVa\"><a href=\"https:\/\/appsaf.apieproject.com\/news\/fr\/2026\/04\/27\/cameroun-4e-recensement-general-de-la-population\/\">Cameroun: 4e Recensement G\u00e9n\u00e9ral de la Population<\/a><\/blockquote><iframe sandbox=\"allow-scripts\" security=\"restricted\" src=\"https:\/\/appsaf.apieproject.com\/news\/fr\/2026\/04\/27\/cameroun-4e-recensement-general-de-la-population\/embed\/#?secret=fTnZin8QVa\" width=\"600\" height=\"338\" title=\"\u00ab\u00a0Cameroun: 4e Recensement G\u00e9n\u00e9ral de la Population\u00a0\u00bb &#8212; APIE NEWS\" data-secret=\"fTnZin8QVa\" frameborder=\"0\" marginwidth=\"0\" marginheight=\"0\" scrolling=\"no\" class=\"wp-embedded-content\"><\/iframe><script type=\"text\/javascript\">\n\/* <![CDATA[ *\/\n\/*! This file is auto-generated *\/\n!function(d,l){\"use strict\";l.querySelector&&d.addEventListener&&\"undefined\"!=typeof URL&&(d.wp=d.wp||{},d.wp.receiveEmbedMessage||(d.wp.receiveEmbedMessage=function(e){var t=e.data;if((t||t.secret||t.message||t.value)&&!\/[^a-zA-Z0-9]\/.test(t.secret)){for(var s,r,n,a=l.querySelectorAll('iframe[data-secret=\"'+t.secret+'\"]'),o=l.querySelectorAll('blockquote[data-secret=\"'+t.secret+'\"]'),c=new RegExp(\"^https?:$\",\"i\"),i=0;i<o.length;i++)o[i].style.display=\"none\";for(i=0;i<a.length;i++)s=a[i],e.source===s.contentWindow&&(s.removeAttribute(\"style\"),\"height\"===t.message?(1e3<(r=parseInt(t.value,10))?r=1e3:~~r<200&&(r=200),s.height=r):\"link\"===t.message&&(r=new URL(s.getAttribute(\"src\")),n=new URL(t.value),c.test(n.protocol))&&n.host===r.host&&l.activeElement===s&&(d.top.location.href=t.value))}},d.addEventListener(\"message\",d.wp.receiveEmbedMessage,!1),l.addEventListener(\"DOMContentLoaded\",function(){for(var e,t,s=l.querySelectorAll(\"iframe.wp-embedded-content\"),r=0;r<s.length;r++)(t=(e=s[r]).getAttribute(\"data-secret\"))||(t=Math.random().toString(36).substring(2,12),e.src+=\"#?secret=\"+t,e.setAttribute(\"data-secret\",t)),e.contentWindow.postMessage({message:\"ready\",secret:t},\"*\")},!1)))}(window,document);\n\/* ]]> *\/\n<\/script>\n","thumbnail_url":"https:\/\/appsaf.apieproject.com\/news\/wp-content\/uploads\/sites\/29\/2026\/04\/Screenshot-2026-04-26-204751.png","thumbnail_width":571,"thumbnail_height":462,"description":"Le Recensement G\u00e9n\u00e9ral de la Population et de l\u2019Habitat est la source statistique qui permet de disposer, de fa\u00e7on exhaustive, de donn\u00e9es d\u00e9taill\u00e9es jusqu\u2019au niveau g\u00e9ographique le plus fin sur les caract\u00e9ristiques d\u00e9mographiques, \u00e9conomiques et socioculturelles de la population. Ces donn\u00e9es constituent un pr\u00e9cieux instrument pour l\u2019\u00e9laboration, le suivi et l\u2019\u00e9valuation des plans et programmes [&hellip;]"}